{"id":28,"date":"2016-01-31T19:34:13","date_gmt":"2016-01-31T19:34:13","guid":{"rendered":"http:\/\/joannamarsden.com\/?page_id=28"},"modified":"2026-03-27T19:37:37","modified_gmt":"2026-03-27T19:37:37","slug":"radio","status":"publish","type":"page","link":"http:\/\/joannamarsden.com\/index.php\/radio\/","title":{"rendered":"Audio"},"content":{"rendered":"<section  class='av_textblock_section av-1nw70-5b2e16fef549165a300f111ed6ac5f81 '   itemscope=\"itemscope\" itemtype=\"https:\/\/schema.org\/CreativeWork\" ><div class='avia_textblock'  itemprop=\"text\" ><div id=\"attachment_287\" style=\"width: 420px\" class=\"wp-caption alignleft\"><img loading=\"lazy\" decoding=\"async\" aria-describedby=\"caption-attachment-287\" class=\"wp-image-287 \" src=\"http:\/\/joannamarsden.com\/wp-content\/uploads\/2020\/04\/IWA-3-Jack-in-Bundoran-300x188.jpg\" alt=\"\" width=\"410\" height=\"257\" srcset=\"http:\/\/joannamarsden.com\/wp-content\/uploads\/2020\/04\/IWA-3-Jack-in-Bundoran-300x188.jpg 300w, http:\/\/joannamarsden.com\/wp-content\/uploads\/2020\/04\/IWA-3-Jack-in-Bundoran-1030x646.jpg 1030w, http:\/\/joannamarsden.com\/wp-content\/uploads\/2020\/04\/IWA-3-Jack-in-Bundoran-768x482.jpg 768w, http:\/\/joannamarsden.com\/wp-content\/uploads\/2020\/04\/IWA-3-Jack-in-Bundoran-1536x963.jpg 1536w, http:\/\/joannamarsden.com\/wp-content\/uploads\/2020\/04\/IWA-3-Jack-in-Bundoran-2048x1284.jpg 2048w, http:\/\/joannamarsden.com\/wp-content\/uploads\/2020\/04\/IWA-3-Jack-in-Bundoran-1500x941.jpg 1500w, http:\/\/joannamarsden.com\/wp-content\/uploads\/2020\/04\/IWA-3-Jack-in-Bundoran-705x442.jpg 705w, http:\/\/joannamarsden.com\/wp-content\/uploads\/2020\/04\/IWA-3-Jack-in-Bundoran-450x282.jpg 450w\" sizes=\"auto, (max-width: 410px) 100vw, 410px\" \/><p id=\"caption-attachment-287\" class=\"wp-caption-text\">A young Jack Kerrigan, the subject of &#8216;A Boy from the North West&#8217;, with friends in Boundary<\/p><\/div>\n<div id=\"attachment_594\" style=\"width: 221px\" class=\"wp-caption alignleft\"><img loading=\"lazy\" decoding=\"async\" aria-describedby=\"caption-attachment-594\" class=\"wp-image-594 \" src=\"http:\/\/joannamarsden.com\/wp-content\/uploads\/2024\/03\/1-2-244x300.jpeg\" alt=\"\" width=\"211\" height=\"260\" srcset=\"http:\/\/joannamarsden.com\/wp-content\/uploads\/2024\/03\/1-2-244x300.jpeg 244w, http:\/\/joannamarsden.com\/wp-content\/uploads\/2024\/03\/1-2-836x1030.jpeg 836w, http:\/\/joannamarsden.com\/wp-content\/uploads\/2024\/03\/1-2-768x946.jpeg 768w, http:\/\/joannamarsden.com\/wp-content\/uploads\/2024\/03\/1-2-1247x1536.jpeg 1247w, http:\/\/joannamarsden.com\/wp-content\/uploads\/2024\/03\/1-2-1218x1500.jpeg 1218w, http:\/\/joannamarsden.com\/wp-content\/uploads\/2024\/03\/1-2-573x705.jpeg 573w, http:\/\/joannamarsden.com\/wp-content\/uploads\/2024\/03\/1-2.jpeg 1530w\" sizes=\"auto, (max-width: 211px) 100vw, 211px\" \/><p id=\"caption-attachment-594\" class=\"wp-caption-text\">&#8216;Building a Ballet&#8217; RTE Lyric Feature. Dancer Joan Wilson and Ben Stevenson in The National Ballet Company&#8217;s Careless Love, choreographed by Patricia Ryan.<\/p><\/div>\n<p>I am currently working on a RT\u00c9 lyric fm &#8216;Lyric Feature&#8217; documentary about a neglected Limerick poet, funded by RT\u00c9 &amp; Coimisi\u00fan na Means Sound &amp; Vision Scheme. I\u2019m also on the Grand Jury of the New York Festivals Radio Awards 2026.<\/p>\n<p>In 2024, I wrote, produced &amp; presented &#8216;Building a Ballet&#8217;, a Lyric Feature for RT\u00c9 Lyric FM, which tells the story of the women behind a forgotten ballet school. It&#8217;s also a story of the pain of unfulfilled creative ambition that will resonate with many women. Funded by Sound &amp; Vision scheme and RT\u00c9, this documentary won Bronze in the category of Best Arts, Music &amp; Culture Documentary at the IMRO Awards in October 2024. It can be podcast on Spotify or lyric fm.<\/p>\n<p>As writer and researcher, I partnered with producer Susan Dennehy to make a 50-minute docu-drama, &#8216;A Boy from the North West \u2013 The Jack Kerrigan Story&#8217;, funded by the Broadcasting Authority of Ireland (BAI) Sound and Vision Scheme.<\/p>\n<p>The documentary tells the story of Donegal-man Jack Kerrigan, one of the members of Ireland&#8217;s first Paralympic team in 1960. Jack\u2019s memoirs, brought to life in the documentary by the actor Mikel Murfi, are a poignant account of what it was like to be a wheelchair user in Ireland in the 50s &amp; 60s. \u00a0This documentary won Silver at the 2016 PPI Radio Awards. Podcast on Spotify or Newstalk website.<\/p>\n<p>I did script-editing &amp; research on &#8216;Letters from Midwinter&#8217;, a radio documentary with producer Susan Dennehy, based around women\u2019s private letters 1970-2020, and funded by BAI with additional support from An Post. \u00a0This documentary won Silver at the New York Festival Awards 2021. Podcast on Spotify or Newstalk website.<\/p>\n<\/div><\/section>\n\n","protected":false},"excerpt":{"rendered":"","protected":false},"author":2,"featured_media":0,"parent":0,"menu_order":0,"comment_status":"closed","ping_status":"closed","template":"","meta":{"footnotes":""},"class_list":["post-28","page","type-page","status-publish","hentry"],"_links":{"self":[{"href":"http:\/\/joannamarsden.com\/index.php\/wp-json\/wp\/v2\/pages\/28","targetHints":{"allow":["GET"]}}],"collection":[{"href":"http:\/\/joannamarsden.com\/index.php\/wp-json\/wp\/v2\/pages"}],"about":[{"href":"http:\/\/joannamarsden.com\/index.php\/wp-json\/wp\/v2\/types\/page"}],"author":[{"embeddable":true,"href":"http:\/\/joannamarsden.com\/index.php\/wp-json\/wp\/v2\/users\/2"}],"replies":[{"embeddable":true,"href":"http:\/\/joannamarsden.com\/index.php\/wp-json\/wp\/v2\/comments?post=28"}],"version-history":[{"count":62,"href":"http:\/\/joannamarsden.com\/index.php\/wp-json\/wp\/v2\/pages\/28\/revisions"}],"predecessor-version":[{"id":788,"href":"http:\/\/joannamarsden.com\/index.php\/wp-json\/wp\/v2\/pages\/28\/revisions\/788"}],"wp:attachment":[{"href":"http:\/\/joannamarsden.com\/index.php\/wp-json\/wp\/v2\/media?parent=28"}],"curies":[{"name":"wp","href":"https:\/\/api.w.org\/{rel}","templated":true}]}}